{"id":5090,"date":"2021-03-02T14:19:41","date_gmt":"2021-03-02T14:19:41","guid":{"rendered":"https:\/\/www.densityfrance.fr\/?page_id=5090"},"modified":"2024-10-21T13:40:32","modified_gmt":"2024-10-21T12:40:32","slug":"vilka-vi-ar","status":"publish","type":"page","link":"https:\/\/www.densityfrance.fr\/sv\/qui-sommes-nous\/","title":{"rendered":"Vilka \u00e4r vi?"},"content":{"rendered":"<div data-elementor-type=\"wp-page\" data-elementor-id=\"5090\" class=\"elementor elementor-5090\" data-elementor-post-type=\"page\">\n\t\t\t\t\t\t<section class=\"elementor-section elementor-top-section elementor-element elementor-element-12e24554 gp_section_contexte ot-traditional elementor-section-boxed elementor-section-height-default elementor-section-height-default\" data-id=\"12e24554\" data-element_type=\"section\" data-e-type=\"section\">\n\t\t\t\t\t\t<div class=\"elementor-container elementor-column-gap-extended\">\n\t\t\t\t\t<div class=\"elementor-column elementor-col-100 elementor-top-column elementor-element elementor-element-6866f177 ot-column-items-center ot-flex-column-vertical\" data-id=\"6866f177\" data-element_type=\"column\" data-e-type=\"column\">\n\t\t\t<div class=\"elementor-widget-wrap elementor-element-populated\">\n\t\t\t\t\t\t<div class=\"elementor-element elementor-element-4e15071f elementor-widget elementor-widget-iheading\" data-id=\"4e15071f\" data-element_type=\"widget\" data-e-type=\"widget\" data-widget_type=\"iheading.default\">\n\t\t\t\t<div class=\"elementor-widget-container\">\n\t\t\t\t\t\t\t<div class=\"ot-heading\">\r\n\t        \t            <span>\/\/ Expertis<\/span>\r\n\t        <h2 class=\"main-heading\">V\u00e5r erfarenhet, din s\u00e4kerhet!<\/h2>\t    <\/div>\r\n\t    \t\t\t\t<\/div>\n\t\t\t\t<\/div>\n\t\t\t\t<div class=\"elementor-element elementor-element-47906a85 elementor-widget elementor-widget-text-editor\" data-id=\"47906a85\" data-element_type=\"widget\" data-e-type=\"widget\" data-widget_type=\"text-editor.default\">\n\t\t\t\t<div class=\"elementor-widget-container\">\n\t\t\t\t\t\t\t\t\t<p>Efter 20 \u00e5rs arbete med att utveckla ryktet om dimskyddsteknik i Frankrike, och utan de tekniska innovationerna f\u00f6r att m\u00f6ta nya kundkrav, best\u00e4mde vi oss f\u00f6r att s\u00e4tta ihop ett team f\u00f6r ett nytt \u00e4ventyr: att skapa nya dimskyddsprodukter. <a href=\"https:\/\/www.densityfrance.fr\/sv\/dimgeneratorer\/\">Generatorer f\u00f6r dimma<\/a> effektivare, mer uppkopplade och som anpassar sig till allas behov.<\/p><p>Fr\u00e5n Europas fyra h\u00f6rn har vi skaffat oss den erfarenhet som kr\u00e4vs f\u00f6r att f\u00f6rst\u00e5 dina behov och de tekniska och teknologiska f\u00e4rdigheter som kr\u00e4vs f\u00f6r att uppfylla dem. Tekniken med dimrid\u00e5er mot intr\u00e5ng \u00e4r fortfarande alltf\u00f6r ok\u00e4nd, och vi \u00e4r medvetna om att vi fortfarande har mycket kvar att g\u00f6ra innan alla kan dra nytta av detta ultimata skydd.<\/p><p>I b\u00f6rjan av det h\u00e4r \u00e4ventyret var vi tre personer med mycket olika men kompletterande karakt\u00e4rer och kompetenser. Vi v\u00e4nde oss till en tillverkare i s\u00f6dra Europa med erfarenhet fr\u00e5n flyg- och milit\u00e4rmarknaden och som d\u00e4rf\u00f6r var van vid att utveckla produkter med h\u00f6ga kvalitetsstandarder och som kr\u00e4vde en h\u00f6g grad av s\u00e4kerhet och tillf\u00f6rlitlighet.<\/p><p>V\u00e5r erfarenhet av marknaden f\u00f6r dims\u00e4kerhet har gjort det m\u00f6jligt f\u00f6r oss att identifiera luckor i den nuvarande marknaden. Tillsammans har vi utvecklat dimgeneratorer som b\u00e4ttre uppfyller dessa behov. Mer prestanda, st\u00f6rre dimt\u00e4thet och anslutningsm\u00f6jligheter som b\u00e4ttre matchar den mobilitet som kr\u00e4vs i dagens livsstil.<\/p>\t\t\t\t\t\t\t\t<\/div>\n\t\t\t\t<\/div>\n\t\t\t\t\t<\/div>\n\t\t<\/div>\n\t\t\t\t\t<\/div>\n\t\t<\/section>\n\t\t\t\t<section class=\"elementor-section elementor-top-section elementor-element elementor-element-9d9840c gp_section_contexte ot-traditional elementor-section-boxed elementor-section-height-default elementor-section-height-default\" data-id=\"9d9840c\" data-element_type=\"section\" data-e-type=\"section\" data-settings=\"{&quot;background_background&quot;:&quot;classic&quot;}\">\n\t\t\t\t\t\t<div class=\"elementor-container elementor-column-gap-extended\">\n\t\t\t\t\t<div class=\"elementor-column elementor-col-100 elementor-top-column elementor-element elementor-element-81deadc ot-column-items-center ot-flex-column-vertical\" data-id=\"81deadc\" data-element_type=\"column\" data-e-type=\"column\">\n\t\t\t<div class=\"elementor-widget-wrap elementor-element-populated\">\n\t\t\t\t\t\t<div class=\"elementor-element elementor-element-a18dfaf elementor-widget elementor-widget-iheading\" data-id=\"a18dfaf\" data-element_type=\"widget\" data-e-type=\"widget\" data-widget_type=\"iheading.default\">\n\t\t\t\t<div class=\"elementor-widget-container\">\n\t\t\t\t\t\t\t<div class=\"ot-heading\">\r\n\t        \t            <span>\/\/ Uppdrag<\/span>\r\n\t        <h2 class=\"main-heading\">F\u00f6r dig: varaktig s\u00e4kerhet!<\/h2>\t    <\/div>\r\n\t    \t\t\t\t<\/div>\n\t\t\t\t<\/div>\n\t\t\t\t<div class=\"elementor-element elementor-element-d3e3c49 elementor-widget elementor-widget-text-editor\" data-id=\"d3e3c49\" data-element_type=\"widget\" data-e-type=\"widget\" data-widget_type=\"text-editor.default\">\n\t\t\t\t<div class=\"elementor-widget-container\">\n\t\t\t\t\t\t\t\t\t<p>V\u00e5r v\u00e4rld och v\u00e5rt dagliga liv accelererar, vilket g\u00f6r oss alltmer kr\u00e4vande och skapar sociala sprickor i det moderna samh\u00e4llet. Den bl\u00e4ndande tekniska utvecklingen under de senaste 10 \u00e5ren har skapat nya behov. Ekonomiska kriser och h\u00e4lsokriser \u00f6kar k\u00e4nslan av oj\u00e4mlikhet och skapar k\u00e4llor till frustration och os\u00e4kerhet av alla slag.<\/p><p>Denna k\u00e4nsla av oj\u00e4mlikhet och or\u00e4ttvisa bidrar till att v\u00e5ldet mot m\u00e4nniskor och framf\u00f6r allt mot egendom \u00f6kar. Idag \u00e4r ingen immun mot att bli utsatt f\u00f6r ett r\u00e5n i sitt eget hem eller f\u00f6r ett inbrott med st\u00f6ld och skadeg\u00f6relse i hemmet eller p\u00e5 arbetsplatsen. Siffrorna talar sitt tydliga spr\u00e5k:<\/p>\t\t\t\t\t\t\t\t<\/div>\n\t\t\t\t<\/div>\n\t\t\t\t<section class=\"elementor-section elementor-inner-section elementor-element elementor-element-d4b449a ot-traditional elementor-section-boxed elementor-section-height-default elementor-section-height-default\" data-id=\"d4b449a\" data-element_type=\"section\" data-e-type=\"section\">\n\t\t\t\t\t\t<div class=\"elementor-container elementor-column-gap-wider\">\n\t\t\t\t\t<div class=\"elementor-column elementor-col-50 elementor-inner-column elementor-element elementor-element-664151e ot-flex-column-vertical\" data-id=\"664151e\" data-element_type=\"column\" data-e-type=\"column\">\n\t\t\t<div class=\"elementor-widget-wrap elementor-element-populated\">\n\t\t\t\t\t\t<div class=\"elementor-element elementor-element-5eb55a7 elementor-widget elementor-widget-heading\" data-id=\"5eb55a7\" data-element_type=\"widget\" data-e-type=\"widget\" data-widget_type=\"heading.default\">\n\t\t\t\t<div class=\"elementor-widget-container\">\n\t\t\t\t\t<h4 class=\"elementor-heading-title elementor-size-default\">Professionella inbrott \u00f6kar<\/h4>\t\t\t\t<\/div>\n\t\t\t\t<\/div>\n\t\t\t\t<div class=\"elementor-element elementor-element-011bf7f elementor-widget elementor-widget-image\" data-id=\"011bf7f\" data-element_type=\"widget\" data-e-type=\"widget\" data-settings=\"{&quot;motion_fx_motion_fx_mouse&quot;:&quot;yes&quot;,&quot;motion_fx_tilt_effect&quot;:&quot;yes&quot;,&quot;motion_fx_tilt_speed&quot;:{&quot;unit&quot;:&quot;px&quot;,&quot;size&quot;:2,&quot;sizes&quot;:[]}}\" data-widget_type=\"image.default\">\n\t\t\t\t<div class=\"elementor-widget-container\">\n\t\t\t\t\t\t\t\t\t\t\t\t\t\t\t<img decoding=\"async\" data-src=\"https:\/\/www.densityfrance.fr\/wp-content\/uploads\/elementor\/thumbs\/tableau-evolution-cambriolages-professionnels-ri7y23ltiglkzh54mik8mriwnpmt3upb3r3ur4svsw.jpg\" title=\"tabell-evolution-professionella-inbrott\" alt=\"tabell-evolution-professionella-inbrott\" width=\"502\" class=\"smush-dimensions lazyload\" style=\"--smush-image-width: 502px; --smush-image-aspect-ratio: 502\/230;\" src=\"data:image\/svg+xml;base64,PHN2ZyB3aWR0aD0iMSIgaGVpZ2h0PSIxIiB4bWxucz0iaHR0cDovL3d3dy53My5vcmcvMjAwMC9zdmciPjwvc3ZnPg==\" \/>\t\t\t\t\t\t\t\t\t\t\t\t\t\t\t<\/div>\n\t\t\t\t<\/div>\n\t\t\t\t<div class=\"elementor-element elementor-element-66601b4 elementor-widget elementor-widget-text-editor\" data-id=\"66601b4\" data-element_type=\"widget\" data-e-type=\"widget\" data-widget_type=\"text-editor.default\">\n\t\t\t\t<div class=\"elementor-widget-container\">\n\t\t\t\t\t\t\t\t\t<p>Bland yrkesverksamma har det \u00e5rliga antalet inbrott \u00f6kat stadigt sedan 2012 (k\u00e4lla: info.gouv.fr).<\/p>\t\t\t\t\t\t\t\t<\/div>\n\t\t\t\t<\/div>\n\t\t\t\t\t<\/div>\n\t\t<\/div>\n\t\t\t\t<div class=\"elementor-column elementor-col-50 elementor-inner-column elementor-element elementor-element-6e84532 ot-flex-column-vertical\" data-id=\"6e84532\" data-element_type=\"column\" data-e-type=\"column\">\n\t\t\t<div class=\"elementor-widget-wrap elementor-element-populated\">\n\t\t\t\t\t\t<div class=\"elementor-element elementor-element-55ed60c elementor-widget elementor-widget-heading\" data-id=\"55ed60c\" data-element_type=\"widget\" data-e-type=\"widget\" data-widget_type=\"heading.default\">\n\t\t\t\t<div class=\"elementor-widget-container\">\n\t\t\t\t\t<h4 class=\"elementor-heading-title elementor-size-default\">Inbrott i privata hem forts\u00e4tter att \u00f6ka<\/h4>\t\t\t\t<\/div>\n\t\t\t\t<\/div>\n\t\t\t\t<div class=\"elementor-element elementor-element-640676d elementor-widget elementor-widget-image\" data-id=\"640676d\" data-element_type=\"widget\" data-e-type=\"widget\" data-settings=\"{&quot;motion_fx_motion_fx_mouse&quot;:&quot;yes&quot;,&quot;motion_fx_tilt_effect&quot;:&quot;yes&quot;,&quot;motion_fx_tilt_speed&quot;:{&quot;unit&quot;:&quot;px&quot;,&quot;size&quot;:2,&quot;sizes&quot;:[]}}\" data-widget_type=\"image.default\">\n\t\t\t\t<div class=\"elementor-widget-container\">\n\t\t\t\t\t\t\t\t\t\t\t\t\t\t\t<img decoding=\"async\" data-src=\"https:\/\/www.densityfrance.fr\/wp-content\/uploads\/elementor\/thumbs\/tableau-evolution-cambriolages-personnels-ri7y27d69sqq9wzo0k6qwqkr1949yn48g9pso8nb40.jpg\" title=\"tabell-evolution-inbrott-personal\" alt=\"tabell-evolution-inbrott-personal\" width=\"471\" class=\"smush-dimensions lazyload\" style=\"--smush-image-width: 471px; --smush-image-aspect-ratio: 471\/230;\" src=\"data:image\/svg+xml;base64,PHN2ZyB3aWR0aD0iMSIgaGVpZ2h0PSIxIiB4bWxucz0iaHR0cDovL3d3dy53My5vcmcvMjAwMC9zdmciPjwvc3ZnPg==\" \/>\t\t\t\t\t\t\t\t\t\t\t\t\t\t\t<\/div>\n\t\t\t\t<\/div>\n\t\t\t\t<div class=\"elementor-element elementor-element-6bdc3ed elementor-widget elementor-widget-text-editor\" data-id=\"6bdc3ed\" data-element_type=\"widget\" data-e-type=\"widget\" data-widget_type=\"text-editor.default\">\n\t\t\t\t<div class=\"elementor-widget-container\">\n\t\t\t\t\t\t\t\t\t<p>Bland privatpersoner \u00e4r det \u00e5rliga antalet inbrott fortfarande mycket h\u00f6gt, \u00e4ven om det har legat p\u00e5 en relativt stabil niv\u00e5 sedan 2013 (k\u00e4lla: info.gouv.fr).<\/p>\t\t\t\t\t\t\t\t<\/div>\n\t\t\t\t<\/div>\n\t\t\t\t\t<\/div>\n\t\t<\/div>\n\t\t\t\t\t<\/div>\n\t\t<\/section>\n\t\t\t\t<div class=\"elementor-element elementor-element-91b7321 elementor-widget elementor-widget-heading\" data-id=\"91b7321\" data-element_type=\"widget\" data-e-type=\"widget\" data-widget_type=\"heading.default\">\n\t\t\t\t<div class=\"elementor-widget-container\">\n\t\t\t\t\t<h4 class=\"elementor-heading-title elementor-size-default\">Med detta i \u00e5tanke har vi arbetat med att utveckla ett varum\u00e4rke som g\u00f6r det m\u00f6jligt f\u00f6r dig, b\u00e5de privatpersoner och yrkesverksamma, att ta saken i egna h\u00e4nder!<\/h4>\t\t\t\t<\/div>\n\t\t\t\t<\/div>\n\t\t\t\t<div class=\"elementor-element elementor-element-980c2d8 elementor-widget elementor-widget-text-editor\" data-id=\"980c2d8\" data-element_type=\"widget\" data-e-type=\"widget\" data-widget_type=\"text-editor.default\">\n\t\t\t\t<div class=\"elementor-widget-container\">\n\t\t\t\t\t\t\t\t\t<p>Vad s\u00e4gs om en l\u00f6sning som skyddar dig fr\u00e5n allt det d\u00e4r? En l\u00f6sning som g\u00f6r ditt liv enklare och l\u00e5ter dig njuta av din familj utan att beh\u00f6va oroa dig f\u00f6r inkr\u00e4ktare medan du sover.<\/p><p>Vad s\u00e4gs om en l\u00f6sning som skyddar dina arbetsredskap? En l\u00f6sning som g\u00f6r att du kan \u00f6ppna ditt f\u00f6retag eller din butik p\u00e5 morgonen utan att beh\u00f6va oroa dig f\u00f6r att uppt\u00e4cka ett inbrott som \u00e4gt rum under natten eller p\u00e5 helgen?<\/p><p>Vad s\u00e4gs om en l\u00f6sning som f\u00f6rhindrar att du vaknar mitt i natten av att ditt larm indikerar att det finns en nattlig inkr\u00e4ktare i din butik? Av alla dessa anledningar \u00e4r Density<sup class=\"tm\">\u00ae<\/sup> \u00e4r l\u00f6sningen!<\/p><p>Uppt\u00e4ck den dimgenerator som passar b\u00e4st f\u00f6r dina behov i \u00abv\u00e5ra l\u00f6sningar\u00bb och kom och dela v\u00e5r vision om en b\u00e4ttre v\u00e4rld utan st\u00f6ld- eller r\u00e5nstress!<\/p>\t\t\t\t\t\t\t\t<\/div>\n\t\t\t\t<\/div>\n\t\t\t\t\t<\/div>\n\t\t<\/div>\n\t\t\t\t\t<\/div>\n\t\t<\/section>\n\t\t\t\t<section class=\"elementor-section elementor-top-section elementor-element elementor-element-ac5ddcd gp_section_contexte ot-traditional elementor-section-boxed elementor-section-height-default elementor-section-height-default\" data-id=\"ac5ddcd\" data-element_type=\"section\" data-e-type=\"section\">\n\t\t\t\t\t\t<div class=\"elementor-container elementor-column-gap-extended\">\n\t\t\t\t\t<div class=\"elementor-column elementor-col-100 elementor-top-column elementor-element elementor-element-18748f0 ot-column-items-center ot-flex-column-vertical\" data-id=\"18748f0\" data-element_type=\"column\" data-e-type=\"column\">\n\t\t\t<div class=\"elementor-widget-wrap elementor-element-populated\">\n\t\t\t\t\t\t<div class=\"elementor-element elementor-element-52284cd elementor-widget elementor-widget-iheading\" data-id=\"52284cd\" data-element_type=\"widget\" data-e-type=\"widget\" data-widget_type=\"iheading.default\">\n\t\t\t\t<div class=\"elementor-widget-container\">\n\t\t\t\t\t\t\t<div class=\"ot-heading\">\r\n\t        \t            <span>\/\/ Vision<\/span>\r\n\t        <h2 class=\"main-heading\">Personanpassad, alltmer uppkopplad s\u00e4kerhet<\/h2>\t    <\/div>\r\n\t    \t\t\t\t<\/div>\n\t\t\t\t<\/div>\n\t\t\t\t<div class=\"elementor-element elementor-element-9d283ef elementor-widget elementor-widget-text-editor\" data-id=\"9d283ef\" data-element_type=\"widget\" data-e-type=\"widget\" data-widget_type=\"text-editor.default\">\n\t\t\t\t<div class=\"elementor-widget-container\">\n\t\t\t\t\t\t\t\t\t<p>V\u00e5rt s\u00e4tt att arbeta kommer att f\u00f6r\u00e4ndras avsev\u00e4rt under de n\u00e4rmaste \u00e5ren och g\u00e5 fr\u00e5n stillasittande till nomadiskt, vilket g\u00f6r det m\u00f6jligt f\u00f6r oss att avmaterialisera v\u00e5r yrkesverksamhet och v\u00e5rt dagliga liv.<\/p><p>Behovet av att kunna komma \u00e5t v\u00e5ra fastigheter fr\u00e5n vilken plats som helst utan att vara p\u00e5 plats kommer att bli en verklig norm, och f\u00f6r att detta ska ske \u00e4r det viktigt att utveckla s\u00e4kerhetsmarknaden genom att t\u00e4nka \u00abuppkopplat\u00bb och \u00abfj\u00e4rrstyrning\u00bb.<\/p><p>V\u00e5ra mobiltelefoner h\u00e5ller p\u00e5 att bli en integrerad del av v\u00e5rt dagliga liv - ja, till och med av oss sj\u00e4lva. D\u00e4rf\u00f6r m\u00e5ste vi veta hur vi ska skydda v\u00e5ra tillg\u00e5ngar n\u00e4r vi inte \u00e4r i n\u00e4rheten och kunna \u00f6vervaka dem p\u00e5 distans.<\/p><p>F\u00f6r att f\u00e5 en b\u00e4ttre vardag blir det allt viktigare att l\u00e5ta v\u00e5ra tekniska system och produkter hantera v\u00e5ra arbetsredskap och \u00e4godelar utan att vi beh\u00f6ver vidta n\u00e5gra fysiska \u00e5tg\u00e4rder. Artificiell intelligens och maskininl\u00e4rning kommer att hj\u00e4lpa oss att spara tid genom att befria oss fr\u00e5n b\u00f6rdan av enkla men repetitiva uppgifter. S\u00e4kerhet och utrustning m\u00e5ste vara redo f\u00f6r dessa f\u00f6r\u00e4ndringar i samh\u00e4llet.<\/p><p>V\u00e5ra team av dator- och elektronikingenj\u00f6rer utvecklar redan m\u00e5nga nya projekt f\u00f6r v\u00e5ra dimgeneratorer f\u00f6r att g\u00f6ra dem \u00e4nnu enklare att installera och underh\u00e5lla, och f\u00f6r att l\u00e4gga till nya kommunikationsl\u00e4gen s\u00e5 att v\u00e5ra Density-dimsystem kan kopplas samman i n\u00e4tverk.<sup class=\"tm\">\u00ae<\/sup> i dina hem tack vare din hemautomation. Men \u00e4ven i dina butiker eller aff\u00e4rslokaler f\u00f6r att s\u00e4kerst\u00e4lla enkel installation, hantering och underh\u00e5ll som hj\u00e4lper dig att optimera kostnaderna.<\/p><p>Density-teamet<sup class=\"tm\">\u00ae<\/sup>\u00a0\u00e4r p\u00e5 uppdrag att \u00e5stadkomma en revolution inom inbrottsskydd genom att enkelt placera ut generatorer i alla milj\u00f6er f\u00f6r att stoppa skadliga handlingar fr\u00e5n illasinnade individer och g\u00f6ra v\u00e4rlden till en b\u00e4ttre plats!<\/p><p>Kom och ta del av t\u00e4thets\u00e4ventyret<sup class=\"tm\">\u00ae<\/sup>\u00a0!<\/p>\t\t\t\t\t\t\t\t<\/div>\n\t\t\t\t<\/div>\n\t\t\t\t\t<\/div>\n\t\t<\/div>\n\t\t\t\t\t<\/div>\n\t\t<\/section>\n\t\t\t\t<\/div>","protected":false},"excerpt":{"rendered":"<p>\/\/ Expertise Notre exp\u00e9rience, votre s\u00e9curit\u00e9 ! Apr\u00e8s 20 ans de travail au d\u00e9veloppement de la notori\u00e9t\u00e9 de la technologie de protection par le Brouillard sur le territoire national et manquant d\u2019innovations technologiques capables de r\u00e9pondre aux nouvelles demandes des clients, nous avons d\u00e9cid\u00e9 de constituer une \u00e9quipe pour une nouvelle aventure\u00a0: cr\u00e9er des G\u00e9n\u00e9rateurs [&hellip;]<\/p>\n","protected":false},"author":1,"featured_media":4297,"parent":0,"menu_order":0,"comment_status":"closed","ping_status":"closed","template":"","meta":{"footnotes":""},"class_list":["post-5090","page","type-page","status-publish","has-post-thumbnail","hentry"],"yoast_head":"<!-- This site is optimized with the Yoast SEO plugin v27.5 - https:\/\/yoast.com\/product\/yoast-seo-wordpress\/ -->\n<title>Qui sommes-nous ? - Density France<\/title>\n<meta name=\"description\" content=\"D\u00e9couvrez Density France, sp\u00e9cialiste des solutions anti-intrusion pour professionnels et particuliers avec des g\u00e9n\u00e9rateurs de brouillard performants\" \/>\n<meta name=\"robots\" content=\"index, follow, max-snippet:-1, max-image-preview:large, max-video-preview:-1\" \/>\n<link rel=\"canonical\" href=\"https:\/\/www.densityfrance.fr\/sv\/vilka-vi-ar\/\" \/>\n<meta property=\"og:locale\" content=\"sv_SE\" \/>\n<meta property=\"og:type\" content=\"article\" \/>\n<meta property=\"og:title\" content=\"Qui sommes-nous ? - Density France\" \/>\n<meta property=\"og:description\" content=\"D\u00e9couvrez Density France, sp\u00e9cialiste des solutions anti-intrusion pour professionnels et particuliers avec des g\u00e9n\u00e9rateurs de brouillard performants\" \/>\n<meta property=\"og:url\" content=\"https:\/\/www.densityfrance.fr\/sv\/vilka-vi-ar\/\" \/>\n<meta property=\"og:site_name\" content=\"Density France\" \/>\n<meta property=\"article:modified_time\" content=\"2024-10-21T12:40:32+00:00\" \/>\n<meta property=\"og:image\" content=\"https:\/\/www.densityfrance.fr\/wp-content\/uploads\/2021\/02\/luxe-picto-bleu.png\" \/>\n\t<meta property=\"og:image:width\" content=\"130\" \/>\n\t<meta property=\"og:image:height\" content=\"130\" \/>\n\t<meta property=\"og:image:type\" content=\"image\/png\" \/>\n<meta name=\"twitter:card\" content=\"summary_large_image\" \/>\n<meta name=\"twitter:label1\" content=\"Ber\u00e4knad l\u00e4stid\" \/>\n\t<meta name=\"twitter:data1\" content=\"5 minuter\" \/>\n<script type=\"application\/ld+json\" class=\"yoast-schema-graph\">{\"@context\":\"https:\\\/\\\/schema.org\",\"@graph\":[{\"@type\":\"WebPage\",\"@id\":\"https:\\\/\\\/www.densityfrance.fr\\\/qui-sommes-nous\\\/\",\"url\":\"https:\\\/\\\/www.densityfrance.fr\\\/qui-sommes-nous\\\/\",\"name\":\"Qui sommes-nous ? - Density France\",\"isPartOf\":{\"@id\":\"https:\\\/\\\/www.densityfrance.fr\\\/#website\"},\"primaryImageOfPage\":{\"@id\":\"https:\\\/\\\/www.densityfrance.fr\\\/qui-sommes-nous\\\/#primaryimage\"},\"image\":{\"@id\":\"https:\\\/\\\/www.densityfrance.fr\\\/qui-sommes-nous\\\/#primaryimage\"},\"thumbnailUrl\":\"https:\\\/\\\/www.densityfrance.fr\\\/wp-content\\\/uploads\\\/2021\\\/02\\\/luxe-picto-bleu.png\",\"datePublished\":\"2021-03-02T14:19:41+00:00\",\"dateModified\":\"2024-10-21T12:40:32+00:00\",\"description\":\"D\u00e9couvrez Density France, sp\u00e9cialiste des solutions anti-intrusion pour professionnels et particuliers avec des g\u00e9n\u00e9rateurs de brouillard performants\",\"breadcrumb\":{\"@id\":\"https:\\\/\\\/www.densityfrance.fr\\\/qui-sommes-nous\\\/#breadcrumb\"},\"inLanguage\":\"sv-SE\",\"potentialAction\":[{\"@type\":\"ReadAction\",\"target\":[\"https:\\\/\\\/www.densityfrance.fr\\\/qui-sommes-nous\\\/\"]}]},{\"@type\":\"ImageObject\",\"inLanguage\":\"sv-SE\",\"@id\":\"https:\\\/\\\/www.densityfrance.fr\\\/qui-sommes-nous\\\/#primaryimage\",\"url\":\"https:\\\/\\\/www.densityfrance.fr\\\/wp-content\\\/uploads\\\/2021\\\/02\\\/luxe-picto-bleu.png\",\"contentUrl\":\"https:\\\/\\\/www.densityfrance.fr\\\/wp-content\\\/uploads\\\/2021\\\/02\\\/luxe-picto-bleu.png\",\"width\":130,\"height\":130},{\"@type\":\"BreadcrumbList\",\"@id\":\"https:\\\/\\\/www.densityfrance.fr\\\/qui-sommes-nous\\\/#breadcrumb\",\"itemListElement\":[{\"@type\":\"ListItem\",\"position\":1,\"name\":\"Accueil\",\"item\":\"https:\\\/\\\/www.densityfrance.fr\\\/\"},{\"@type\":\"ListItem\",\"position\":2,\"name\":\"Qui sommes-nous ?\"}]},{\"@type\":\"WebSite\",\"@id\":\"https:\\\/\\\/www.densityfrance.fr\\\/#website\",\"url\":\"https:\\\/\\\/www.densityfrance.fr\\\/\",\"name\":\"Density France\",\"description\":\"G\u00e9n\u00e9rateurs de brouillard anti-intrusion\",\"publisher\":{\"@id\":\"https:\\\/\\\/www.densityfrance.fr\\\/#organization\"},\"potentialAction\":[{\"@type\":\"SearchAction\",\"target\":{\"@type\":\"EntryPoint\",\"urlTemplate\":\"https:\\\/\\\/www.densityfrance.fr\\\/?s={search_term_string}\"},\"query-input\":{\"@type\":\"PropertyValueSpecification\",\"valueRequired\":true,\"valueName\":\"search_term_string\"}}],\"inLanguage\":\"sv-SE\"},{\"@type\":\"Organization\",\"@id\":\"https:\\\/\\\/www.densityfrance.fr\\\/#organization\",\"name\":\"Density\",\"url\":\"https:\\\/\\\/www.densityfrance.fr\\\/\",\"logo\":{\"@type\":\"ImageObject\",\"inLanguage\":\"sv-SE\",\"@id\":\"https:\\\/\\\/www.densityfrance.fr\\\/#\\\/schema\\\/logo\\\/image\\\/\",\"url\":\"https:\\\/\\\/www.densityfrance.fr\\\/wp-content\\\/uploads\\\/2021\\\/07\\\/Density-logo-couleur-transp-M.png\",\"contentUrl\":\"https:\\\/\\\/www.densityfrance.fr\\\/wp-content\\\/uploads\\\/2021\\\/07\\\/Density-logo-couleur-transp-M.png\",\"width\":404,\"height\":89,\"caption\":\"Density\"},\"image\":{\"@id\":\"https:\\\/\\\/www.densityfrance.fr\\\/#\\\/schema\\\/logo\\\/image\\\/\"}}]}<\/script>\n<!-- \/ Yoast SEO plugin. -->","yoast_head_json":{"title":"Om Density - Density Frankrike","description":"Uppt\u00e4ck Density France, specialist p\u00e5 l\u00f6sningar f\u00f6r att f\u00f6rhindra intr\u00e5ng f\u00f6r yrkesverksamma och privatpersoner med h\u00f6gpresterande dimgeneratorer.","robots":{"index":"index","follow":"follow","max-snippet":"max-snippet:-1","max-image-preview":"max-image-preview:large","max-video-preview":"max-video-preview:-1"},"canonical":"https:\/\/www.densityfrance.fr\/sv\/vilka-vi-ar\/","og_locale":"sv_SE","og_type":"article","og_title":"Qui sommes-nous ? - Density France","og_description":"D\u00e9couvrez Density France, sp\u00e9cialiste des solutions anti-intrusion pour professionnels et particuliers avec des g\u00e9n\u00e9rateurs de brouillard performants","og_url":"https:\/\/www.densityfrance.fr\/sv\/vilka-vi-ar\/","og_site_name":"Density France","article_modified_time":"2024-10-21T12:40:32+00:00","og_image":[{"width":130,"height":130,"url":"https:\/\/www.densityfrance.fr\/wp-content\/uploads\/2021\/02\/luxe-picto-bleu.png","type":"image\/png"}],"twitter_card":"summary_large_image","twitter_misc":{"Ber\u00e4knad l\u00e4stid":"5 minuter"},"schema":{"@context":"https:\/\/schema.org","@graph":[{"@type":"WebPage","@id":"https:\/\/www.densityfrance.fr\/qui-sommes-nous\/","url":"https:\/\/www.densityfrance.fr\/qui-sommes-nous\/","name":"Om Density - Density Frankrike","isPartOf":{"@id":"https:\/\/www.densityfrance.fr\/#website"},"primaryImageOfPage":{"@id":"https:\/\/www.densityfrance.fr\/qui-sommes-nous\/#primaryimage"},"image":{"@id":"https:\/\/www.densityfrance.fr\/qui-sommes-nous\/#primaryimage"},"thumbnailUrl":"https:\/\/www.densityfrance.fr\/wp-content\/uploads\/2021\/02\/luxe-picto-bleu.png","datePublished":"2021-03-02T14:19:41+00:00","dateModified":"2024-10-21T12:40:32+00:00","description":"Uppt\u00e4ck Density France, specialist p\u00e5 l\u00f6sningar f\u00f6r att f\u00f6rhindra intr\u00e5ng f\u00f6r yrkesverksamma och privatpersoner med h\u00f6gpresterande dimgeneratorer.","breadcrumb":{"@id":"https:\/\/www.densityfrance.fr\/qui-sommes-nous\/#breadcrumb"},"inLanguage":"sv-SE","potentialAction":[{"@type":"ReadAction","target":["https:\/\/www.densityfrance.fr\/qui-sommes-nous\/"]}]},{"@type":"ImageObject","inLanguage":"sv-SE","@id":"https:\/\/www.densityfrance.fr\/qui-sommes-nous\/#primaryimage","url":"https:\/\/www.densityfrance.fr\/wp-content\/uploads\/2021\/02\/luxe-picto-bleu.png","contentUrl":"https:\/\/www.densityfrance.fr\/wp-content\/uploads\/2021\/02\/luxe-picto-bleu.png","width":130,"height":130},{"@type":"BreadcrumbList","@id":"https:\/\/www.densityfrance.fr\/qui-sommes-nous\/#breadcrumb","itemListElement":[{"@type":"ListItem","position":1,"name":"Accueil","item":"https:\/\/www.densityfrance.fr\/"},{"@type":"ListItem","position":2,"name":"Qui sommes-nous ?"}]},{"@type":"WebSite","@id":"https:\/\/www.densityfrance.fr\/#website","url":"https:\/\/www.densityfrance.fr\/","name":"Densitet Frankrike","description":"Dimgeneratorer f\u00f6r skydd mot intr\u00e5ng","publisher":{"@id":"https:\/\/www.densityfrance.fr\/#organization"},"potentialAction":[{"@type":"SearchAction","target":{"@type":"EntryPoint","urlTemplate":"https:\/\/www.densityfrance.fr\/?s={search_term_string}"},"query-input":{"@type":"PropertyValueSpecification","valueRequired":true,"valueName":"search_term_string"}}],"inLanguage":"sv-SE"},{"@type":"Organization","@id":"https:\/\/www.densityfrance.fr\/#organization","name":"T\u00e4thet","url":"https:\/\/www.densityfrance.fr\/","logo":{"@type":"ImageObject","inLanguage":"sv-SE","@id":"https:\/\/www.densityfrance.fr\/#\/schema\/logo\/image\/","url":"https:\/\/www.densityfrance.fr\/wp-content\/uploads\/2021\/07\/Density-logo-couleur-transp-M.png","contentUrl":"https:\/\/www.densityfrance.fr\/wp-content\/uploads\/2021\/07\/Density-logo-couleur-transp-M.png","width":404,"height":89,"caption":"Density"},"image":{"@id":"https:\/\/www.densityfrance.fr\/#\/schema\/logo\/image\/"}}]}},"_links":{"self":[{"href":"https:\/\/www.densityfrance.fr\/sv\/wp-json\/wp\/v2\/pages\/5090","targetHints":{"allow":["GET"]}}],"collection":[{"href":"https:\/\/www.densityfrance.fr\/sv\/wp-json\/wp\/v2\/pages"}],"about":[{"href":"https:\/\/www.densityfrance.fr\/sv\/wp-json\/wp\/v2\/types\/page"}],"author":[{"embeddable":true,"href":"https:\/\/www.densityfrance.fr\/sv\/wp-json\/wp\/v2\/users\/1"}],"replies":[{"embeddable":true,"href":"https:\/\/www.densityfrance.fr\/sv\/wp-json\/wp\/v2\/comments?post=5090"}],"version-history":[{"count":62,"href":"https:\/\/www.densityfrance.fr\/sv\/wp-json\/wp\/v2\/pages\/5090\/revisions"}],"predecessor-version":[{"id":11260,"href":"https:\/\/www.densityfrance.fr\/sv\/wp-json\/wp\/v2\/pages\/5090\/revisions\/11260"}],"wp:featuredmedia":[{"embeddable":true,"href":"https:\/\/www.densityfrance.fr\/sv\/wp-json\/wp\/v2\/media\/4297"}],"wp:attachment":[{"href":"https:\/\/www.densityfrance.fr\/sv\/wp-json\/wp\/v2\/media?parent=5090"}],"curies":[{"name":"wp","href":"https:\/\/api.w.org\/{rel}","templated":true}]}}