{"id":5090,"date":"2021-03-02T14:19:41","date_gmt":"2021-03-02T14:19:41","guid":{"rendered":"https:\/\/www.densityfrance.fr\/?page_id=5090"},"modified":"2024-10-21T13:40:32","modified_gmt":"2024-10-21T12:40:32","slug":"quienes-somos","status":"publish","type":"page","link":"https:\/\/www.densityfrance.fr\/es\/qui-sommes-nous\/","title":{"rendered":"\u00bfQui\u00e9nes somos?"},"content":{"rendered":"<div data-elementor-type=\"wp-page\" data-elementor-id=\"5090\" class=\"elementor elementor-5090\" data-elementor-post-type=\"page\">\n\t\t\t\t\t\t<section class=\"elementor-section elementor-top-section elementor-element elementor-element-12e24554 gp_section_contexte ot-traditional elementor-section-boxed elementor-section-height-default elementor-section-height-default\" data-id=\"12e24554\" data-element_type=\"section\" data-e-type=\"section\">\n\t\t\t\t\t\t<div class=\"elementor-container elementor-column-gap-extended\">\n\t\t\t\t\t<div class=\"elementor-column elementor-col-100 elementor-top-column elementor-element elementor-element-6866f177 ot-column-items-center ot-flex-column-vertical\" data-id=\"6866f177\" data-element_type=\"column\" data-e-type=\"column\">\n\t\t\t<div class=\"elementor-widget-wrap elementor-element-populated\">\n\t\t\t\t\t\t<div class=\"elementor-element elementor-element-4e15071f elementor-widget elementor-widget-iheading\" data-id=\"4e15071f\" data-element_type=\"widget\" data-e-type=\"widget\" data-widget_type=\"iheading.default\">\n\t\t\t\t<div class=\"elementor-widget-container\">\n\t\t\t\t\t\t\t<div class=\"ot-heading\">\r\n\t        \t            <span>\/\/ Experiencia<\/span>\r\n\t        <h2 class=\"main-heading\">Nuestra experiencia, su seguridad<\/h2>\t    <\/div>\r\n\t    \t\t\t\t<\/div>\n\t\t\t\t<\/div>\n\t\t\t\t<div class=\"elementor-element elementor-element-47906a85 elementor-widget elementor-widget-text-editor\" data-id=\"47906a85\" data-element_type=\"widget\" data-e-type=\"widget\" data-widget_type=\"text-editor.default\">\n\t\t\t\t<div class=\"elementor-widget-container\">\n\t\t\t\t\t\t\t\t\t<p>Tras 20 a\u00f1os de trabajo desarrollando la reputaci\u00f3n de la tecnolog\u00eda de protecci\u00f3n antiniebla en Francia, y a falta de innovaciones tecnol\u00f3gicas para satisfacer las nuevas demandas de los clientes, decidimos formar un equipo para una nueva aventura: crear nuevos productos de protecci\u00f3n antiniebla. <a href=\"https:\/\/www.densityfrance.fr\/es\/generadores-de-niebla\/\">Generadores de niebla<\/a> m\u00e1s eficiente, m\u00e1s conectada, que se adapte a las necesidades de todos.<\/p><p>Desde los cuatro puntos cardinales de Europa, hemos adquirido la experiencia necesaria para comprender sus necesidades y las competencias t\u00e9cnicas y tecnol\u00f3gicas para satisfacerlas. Esta tecnolog\u00eda de niebla antiintrusi\u00f3n es a\u00fan demasiado poco conocida, y somos conscientes del terreno que nos queda por recorrer antes de que todo el mundo pueda beneficiarse de esta protecci\u00f3n definitiva.<\/p><p>Al principio de esta aventura, \u00e9ramos 3 personas con caracteres y aptitudes muy diferentes pero complementarios. Nos pusimos en contacto con un fabricante del sur de Europa con experiencia en los mercados aeroespacial y militar, y que por tanto estaba acostumbrado a desarrollar productos con elevados est\u00e1ndares de calidad y que exig\u00edan un alto nivel de seguridad y fiabilidad.<\/p><p>Nuestra experiencia en el mercado de la seguridad antiniebla nos ha permitido detectar las carencias del mercado actual. Juntos, hemos desarrollado generadores de niebla que responden mejor a estas necesidades. M\u00e1s rendimiento, mejor densidad de niebla y una conectividad m\u00e1s acorde con la movilidad que exige el estilo de vida actual.<\/p>\t\t\t\t\t\t\t\t<\/div>\n\t\t\t\t<\/div>\n\t\t\t\t\t<\/div>\n\t\t<\/div>\n\t\t\t\t\t<\/div>\n\t\t<\/section>\n\t\t\t\t<section class=\"elementor-section elementor-top-section elementor-element elementor-element-9d9840c gp_section_contexte ot-traditional elementor-section-boxed elementor-section-height-default elementor-section-height-default\" data-id=\"9d9840c\" data-element_type=\"section\" data-e-type=\"section\" data-settings=\"{&quot;background_background&quot;:&quot;classic&quot;}\">\n\t\t\t\t\t\t<div class=\"elementor-container elementor-column-gap-extended\">\n\t\t\t\t\t<div class=\"elementor-column elementor-col-100 elementor-top-column elementor-element elementor-element-81deadc ot-column-items-center ot-flex-column-vertical\" data-id=\"81deadc\" data-element_type=\"column\" data-e-type=\"column\">\n\t\t\t<div class=\"elementor-widget-wrap elementor-element-populated\">\n\t\t\t\t\t\t<div class=\"elementor-element elementor-element-a18dfaf elementor-widget elementor-widget-iheading\" data-id=\"a18dfaf\" data-element_type=\"widget\" data-e-type=\"widget\" data-widget_type=\"iheading.default\">\n\t\t\t\t<div class=\"elementor-widget-container\">\n\t\t\t\t\t\t\t<div class=\"ot-heading\">\r\n\t        \t            <span>\/\/ Misi\u00f3n<\/span>\r\n\t        <h2 class=\"main-heading\">Para usted: \u00a1seguridad duradera!<\/h2>\t    <\/div>\r\n\t    \t\t\t\t<\/div>\n\t\t\t\t<\/div>\n\t\t\t\t<div class=\"elementor-element elementor-element-d3e3c49 elementor-widget elementor-widget-text-editor\" data-id=\"d3e3c49\" data-element_type=\"widget\" data-e-type=\"widget\" data-widget_type=\"text-editor.default\">\n\t\t\t\t<div class=\"elementor-widget-container\">\n\t\t\t\t\t\t\t\t\t<p>Nuestro mundo y nuestra vida cotidiana se aceleran, nos hacen cada vez m\u00e1s exigentes y crean fracturas sociales en la sociedad moderna. Los deslumbrantes avances tecnol\u00f3gicos de los \u00faltimos 10 a\u00f1os han creado nuevas necesidades. Las crisis econ\u00f3micas y sanitarias agudizan la sensaci\u00f3n de desigualdad, creando fuentes de frustraci\u00f3n e inseguridad de todo tipo.<\/p><p>Este sentimiento de desigualdad e injusticia est\u00e1 contribuyendo al aumento de la violencia contra las personas y, sobre todo, contra la propiedad. Hoy en d\u00eda, nadie est\u00e1 a salvo de ser v\u00edctima de un atraco en su propia casa, o de un robo y da\u00f1os en su domicilio o lugar de trabajo. Las cifras hablan por s\u00ed solas:<\/p>\t\t\t\t\t\t\t\t<\/div>\n\t\t\t\t<\/div>\n\t\t\t\t<section class=\"elementor-section elementor-inner-section elementor-element elementor-element-d4b449a ot-traditional elementor-section-boxed elementor-section-height-default elementor-section-height-default\" data-id=\"d4b449a\" data-element_type=\"section\" data-e-type=\"section\">\n\t\t\t\t\t\t<div class=\"elementor-container elementor-column-gap-wider\">\n\t\t\t\t\t<div class=\"elementor-column elementor-col-50 elementor-inner-column elementor-element elementor-element-664151e ot-flex-column-vertical\" data-id=\"664151e\" data-element_type=\"column\" data-e-type=\"column\">\n\t\t\t<div class=\"elementor-widget-wrap elementor-element-populated\">\n\t\t\t\t\t\t<div class=\"elementor-element elementor-element-5eb55a7 elementor-widget elementor-widget-heading\" data-id=\"5eb55a7\" data-element_type=\"widget\" data-e-type=\"widget\" data-widget_type=\"heading.default\">\n\t\t\t\t<div class=\"elementor-widget-container\">\n\t\t\t\t\t<h4 class=\"elementor-heading-title elementor-size-default\">Aumentan los robos profesionales<\/h4>\t\t\t\t<\/div>\n\t\t\t\t<\/div>\n\t\t\t\t<div class=\"elementor-element elementor-element-011bf7f elementor-widget elementor-widget-image\" data-id=\"011bf7f\" data-element_type=\"widget\" data-e-type=\"widget\" data-settings=\"{&quot;motion_fx_motion_fx_mouse&quot;:&quot;yes&quot;,&quot;motion_fx_tilt_effect&quot;:&quot;yes&quot;,&quot;motion_fx_tilt_speed&quot;:{&quot;unit&quot;:&quot;px&quot;,&quot;size&quot;:2,&quot;sizes&quot;:[]}}\" data-widget_type=\"image.default\">\n\t\t\t\t<div class=\"elementor-widget-container\">\n\t\t\t\t\t\t\t\t\t\t\t\t\t\t\t<img decoding=\"async\" data-src=\"https:\/\/www.densityfrance.fr\/wp-content\/uploads\/elementor\/thumbs\/tableau-evolution-cambriolages-professionnels-ri7y23ltiglkzh54mik8mriwnpmt3upb3r3ur4svsw.jpg\" title=\"tabla-evoluci\u00f3n-robos-profesionales\" alt=\"tabla-evoluci\u00f3n-robos-profesionales\" width=\"502\" class=\"smush-dimensions lazyload\" style=\"--smush-image-width: 502px; --smush-image-aspect-ratio: 502\/230;\" src=\"data:image\/svg+xml;base64,PHN2ZyB3aWR0aD0iMSIgaGVpZ2h0PSIxIiB4bWxucz0iaHR0cDovL3d3dy53My5vcmcvMjAwMC9zdmciPjwvc3ZnPg==\" \/>\t\t\t\t\t\t\t\t\t\t\t\t\t\t\t<\/div>\n\t\t\t\t<\/div>\n\t\t\t\t<div class=\"elementor-element elementor-element-66601b4 elementor-widget elementor-widget-text-editor\" data-id=\"66601b4\" data-element_type=\"widget\" data-e-type=\"widget\" data-widget_type=\"text-editor.default\">\n\t\t\t\t<div class=\"elementor-widget-container\">\n\t\t\t\t\t\t\t\t\t<p>Entre los profesionales, el n\u00famero anual de robos no ha dejado de aumentar desde 2012 (fuente: info.gouv.fr).<\/p>\t\t\t\t\t\t\t\t<\/div>\n\t\t\t\t<\/div>\n\t\t\t\t\t<\/div>\n\t\t<\/div>\n\t\t\t\t<div class=\"elementor-column elementor-col-50 elementor-inner-column elementor-element elementor-element-6e84532 ot-flex-column-vertical\" data-id=\"6e84532\" data-element_type=\"column\" data-e-type=\"column\">\n\t\t\t<div class=\"elementor-widget-wrap elementor-element-populated\">\n\t\t\t\t\t\t<div class=\"elementor-element elementor-element-55ed60c elementor-widget elementor-widget-heading\" data-id=\"55ed60c\" data-element_type=\"widget\" data-e-type=\"widget\" data-widget_type=\"heading.default\">\n\t\t\t\t<div class=\"elementor-widget-container\">\n\t\t\t\t\t<h4 class=\"elementor-heading-title elementor-size-default\">Siguen aumentando los robos en viviendas particulares<\/h4>\t\t\t\t<\/div>\n\t\t\t\t<\/div>\n\t\t\t\t<div class=\"elementor-element elementor-element-640676d elementor-widget elementor-widget-image\" data-id=\"640676d\" data-element_type=\"widget\" data-e-type=\"widget\" data-settings=\"{&quot;motion_fx_motion_fx_mouse&quot;:&quot;yes&quot;,&quot;motion_fx_tilt_effect&quot;:&quot;yes&quot;,&quot;motion_fx_tilt_speed&quot;:{&quot;unit&quot;:&quot;px&quot;,&quot;size&quot;:2,&quot;sizes&quot;:[]}}\" data-widget_type=\"image.default\">\n\t\t\t\t<div class=\"elementor-widget-container\">\n\t\t\t\t\t\t\t\t\t\t\t\t\t\t\t<img decoding=\"async\" data-src=\"https:\/\/www.densityfrance.fr\/wp-content\/uploads\/elementor\/thumbs\/tableau-evolution-cambriolages-personnels-ri7y27d69sqq9wzo0k6qwqkr1949yn48g9pso8nb40.jpg\" title=\"cuadro-evoluci\u00f3n-robos-personal\" alt=\"cuadro-evoluci\u00f3n-robos-personal\" width=\"471\" class=\"smush-dimensions lazyload\" style=\"--smush-image-width: 471px; --smush-image-aspect-ratio: 471\/230;\" src=\"data:image\/svg+xml;base64,PHN2ZyB3aWR0aD0iMSIgaGVpZ2h0PSIxIiB4bWxucz0iaHR0cDovL3d3dy53My5vcmcvMjAwMC9zdmciPjwvc3ZnPg==\" \/>\t\t\t\t\t\t\t\t\t\t\t\t\t\t\t<\/div>\n\t\t\t\t<\/div>\n\t\t\t\t<div class=\"elementor-element elementor-element-6bdc3ed elementor-widget elementor-widget-text-editor\" data-id=\"6bdc3ed\" data-element_type=\"widget\" data-e-type=\"widget\" data-widget_type=\"text-editor.default\">\n\t\t\t\t<div class=\"elementor-widget-container\">\n\t\t\t\t\t\t\t\t\t<p>Entre los particulares, aunque el n\u00famero anual de robos se ha mantenido relativamente estable desde 2013, sigue siendo muy elevado (fuente: info.gouv.fr).<\/p>\t\t\t\t\t\t\t\t<\/div>\n\t\t\t\t<\/div>\n\t\t\t\t\t<\/div>\n\t\t<\/div>\n\t\t\t\t\t<\/div>\n\t\t<\/section>\n\t\t\t\t<div class=\"elementor-element elementor-element-91b7321 elementor-widget elementor-widget-heading\" data-id=\"91b7321\" data-element_type=\"widget\" data-e-type=\"widget\" data-widget_type=\"heading.default\">\n\t\t\t\t<div class=\"elementor-widget-container\">\n\t\t\t\t\t<h4 class=\"elementor-heading-title elementor-size-default\">Teniendo esto en cuenta, hemos estado trabajando para desarrollar una marca que les permita, tanto a particulares como a profesionales, \u00a1tomar las riendas del asunto!<\/h4>\t\t\t\t<\/div>\n\t\t\t\t<\/div>\n\t\t\t\t<div class=\"elementor-element elementor-element-980c2d8 elementor-widget elementor-widget-text-editor\" data-id=\"980c2d8\" data-element_type=\"widget\" data-e-type=\"widget\" data-widget_type=\"text-editor.default\">\n\t\t\t\t<div class=\"elementor-widget-container\">\n\t\t\t\t\t\t\t\t\t<p>\u00bfQu\u00e9 le parece una soluci\u00f3n que le proteja de todo eso? Una soluci\u00f3n que le haga la vida m\u00e1s f\u00e1cil, permiti\u00e9ndole disfrutar de su familia sin preocuparse de intrusos mientras duerme.<\/p><p>\u00bfQu\u00e9 le parece una soluci\u00f3n que proteja sus herramientas de trabajo? \u00bfUna soluci\u00f3n que le permita abrir su negocio o tienda por la ma\u00f1ana sin tener que preocuparse por descubrir un robo que haya tenido lugar durante la noche o el fin de semana?<\/p><p>\u00bfQu\u00e9 le parece una soluci\u00f3n que evite que su alarma le despierte en mitad de la noche indic\u00e1ndole que hay un intruso nocturno en su tienda? Por todas estas razones, Density<sup class=\"tm\">\u00ae<\/sup> \u00a1es la soluci\u00f3n!<\/p><p>Descubra el generador de niebla que mejor se adapta a sus necesidades en \u00abnuestras soluciones\u00bb y venga a compartir nuestra visi\u00f3n de un mundo mejor sin el estr\u00e9s del robo o el atraco.<\/p>\t\t\t\t\t\t\t\t<\/div>\n\t\t\t\t<\/div>\n\t\t\t\t\t<\/div>\n\t\t<\/div>\n\t\t\t\t\t<\/div>\n\t\t<\/section>\n\t\t\t\t<section class=\"elementor-section elementor-top-section elementor-element elementor-element-ac5ddcd gp_section_contexte ot-traditional elementor-section-boxed elementor-section-height-default elementor-section-height-default\" data-id=\"ac5ddcd\" data-element_type=\"section\" data-e-type=\"section\">\n\t\t\t\t\t\t<div class=\"elementor-container elementor-column-gap-extended\">\n\t\t\t\t\t<div class=\"elementor-column elementor-col-100 elementor-top-column elementor-element elementor-element-18748f0 ot-column-items-center ot-flex-column-vertical\" data-id=\"18748f0\" data-element_type=\"column\" data-e-type=\"column\">\n\t\t\t<div class=\"elementor-widget-wrap elementor-element-populated\">\n\t\t\t\t\t\t<div class=\"elementor-element elementor-element-52284cd elementor-widget elementor-widget-iheading\" data-id=\"52284cd\" data-element_type=\"widget\" data-e-type=\"widget\" data-widget_type=\"iheading.default\">\n\t\t\t\t<div class=\"elementor-widget-container\">\n\t\t\t\t\t\t\t<div class=\"ot-heading\">\r\n\t        \t            <span>\/\/ Visi\u00f3n<\/span>\r\n\t        <h2 class=\"main-heading\">Seguridad personalizada y cada vez m\u00e1s conectada<\/h2>\t    <\/div>\r\n\t    \t\t\t\t<\/div>\n\t\t\t\t<\/div>\n\t\t\t\t<div class=\"elementor-element elementor-element-9d283ef elementor-widget elementor-widget-text-editor\" data-id=\"9d283ef\" data-element_type=\"widget\" data-e-type=\"widget\" data-widget_type=\"text-editor.default\">\n\t\t\t\t<div class=\"elementor-widget-container\">\n\t\t\t\t\t\t\t\t\t<p>Nuestra forma de trabajar cambiar\u00e1 considerablemente en los pr\u00f3ximos a\u00f1os, pasando del sedentarismo al nomadismo, lo que nos permitir\u00e1 desmaterializar nuestras actividades profesionales y nuestra vida cotidiana.<\/p><p>La necesidad de acceder a nuestras posesiones desde cualquier lugar sin estar in situ se convertir\u00e1 en una aut\u00e9ntica norma, y para ello es esencial que el mercado de la seguridad evolucione pensando en \u00abconectado\u00bb y en \u00abacci\u00f3n a distancia\u00bb.<\/p><p>Nuestros tel\u00e9fonos m\u00f3viles se est\u00e1n convirtiendo en parte integrante de nuestra vida cotidiana, incluso de nosotros mismos. Por eso necesitamos saber c\u00f3mo proteger nuestros activos cuando no estamos cerca, y estar conectados para supervisarlos a distancia.<\/p><p>Para una vida cotidiana mejor, se est\u00e1 haciendo necesario dejar que nuestros sistemas y productos tecnol\u00f3gicos gestionen nuestras herramientas de trabajo y nuestras posesiones sin que tengamos que realizar ninguna acci\u00f3n f\u00edsica. La inteligencia artificial y el aprendizaje autom\u00e1tico nos ayudar\u00e1n a ahorrar tiempo liber\u00e1ndonos de la carga de tareas sencillas pero repetitivas. La seguridad y los equipos deben estar preparados para estos cambios en la sociedad.<\/p><p>Nuestros equipos de ingenieros inform\u00e1ticos y electr\u00f3nicos ya est\u00e1n desarrollando numerosos proyectos nuevos en nuestros generadores de niebla para que sean a\u00fan m\u00e1s f\u00e1ciles de instalar y mantener, y para a\u00f1adir nuevos modos de comunicaci\u00f3n que permitan conectar en red nuestros sistemas de niebla Density.<sup class=\"tm\">\u00ae<\/sup> en sus hogares gracias a su dom\u00f3tica. Pero tambi\u00e9n en sus comercios o locales comerciales para garantizar una instalaci\u00f3n, gesti\u00f3n y mantenimiento sencillos que le ayuden a optimizar costes.<\/p><p>El equipo de Densidad<sup class=\"tm\">\u00ae<\/sup>\u00a0tiene la misi\u00f3n de provocar una revoluci\u00f3n en la protecci\u00f3n contra intrusos desplegando f\u00e1cilmente generadores en todos los entornos para detener las acciones da\u00f1inas de individuos malintencionados \u00a1y hacer del mundo un lugar mejor!<\/p><p>Ven y participa en la Aventura de la Densidad<sup class=\"tm\">\u00ae<\/sup>\u00a0!<\/p>\t\t\t\t\t\t\t\t<\/div>\n\t\t\t\t<\/div>\n\t\t\t\t\t<\/div>\n\t\t<\/div>\n\t\t\t\t\t<\/div>\n\t\t<\/section>\n\t\t\t\t<\/div>","protected":false},"excerpt":{"rendered":"<p>\/\/ Expertise Notre exp\u00e9rience, votre s\u00e9curit\u00e9 ! Apr\u00e8s 20 ans de travail au d\u00e9veloppement de la notori\u00e9t\u00e9 de la technologie de protection par le Brouillard sur le territoire national et manquant d\u2019innovations technologiques capables de r\u00e9pondre aux nouvelles demandes des clients, nous avons d\u00e9cid\u00e9 de constituer une \u00e9quipe pour une nouvelle aventure\u00a0: cr\u00e9er des G\u00e9n\u00e9rateurs [&hellip;]<\/p>\n","protected":false},"author":1,"featured_media":4297,"parent":0,"menu_order":0,"comment_status":"closed","ping_status":"closed","template":"","meta":{"footnotes":""},"class_list":["post-5090","page","type-page","status-publish","has-post-thumbnail","hentry"],"yoast_head":"<!-- This site is optimized with the Yoast SEO plugin v27.5 - https:\/\/yoast.com\/product\/yoast-seo-wordpress\/ -->\n<title>Qui sommes-nous ? - Density France<\/title>\n<meta name=\"description\" content=\"D\u00e9couvrez Density France, sp\u00e9cialiste des solutions anti-intrusion pour professionnels et particuliers avec des g\u00e9n\u00e9rateurs de brouillard performants\" \/>\n<meta name=\"robots\" content=\"index, follow, max-snippet:-1, max-image-preview:large, max-video-preview:-1\" \/>\n<link rel=\"canonical\" href=\"https:\/\/www.densityfrance.fr\/es\/quienes-somos\/\" \/>\n<meta property=\"og:locale\" content=\"es_ES\" \/>\n<meta property=\"og:type\" content=\"article\" \/>\n<meta property=\"og:title\" content=\"Qui sommes-nous ? - Density France\" \/>\n<meta property=\"og:description\" content=\"D\u00e9couvrez Density France, sp\u00e9cialiste des solutions anti-intrusion pour professionnels et particuliers avec des g\u00e9n\u00e9rateurs de brouillard performants\" \/>\n<meta property=\"og:url\" content=\"https:\/\/www.densityfrance.fr\/es\/quienes-somos\/\" \/>\n<meta property=\"og:site_name\" content=\"Density France\" \/>\n<meta property=\"article:modified_time\" content=\"2024-10-21T12:40:32+00:00\" \/>\n<meta property=\"og:image\" content=\"https:\/\/www.densityfrance.fr\/wp-content\/uploads\/2021\/02\/luxe-picto-bleu.png\" \/>\n\t<meta property=\"og:image:width\" content=\"130\" \/>\n\t<meta property=\"og:image:height\" content=\"130\" \/>\n\t<meta property=\"og:image:type\" content=\"image\/png\" \/>\n<meta name=\"twitter:card\" content=\"summary_large_image\" \/>\n<meta name=\"twitter:label1\" content=\"Tiempo de lectura\" \/>\n\t<meta name=\"twitter:data1\" content=\"5 minutos\" \/>\n<script type=\"application\/ld+json\" class=\"yoast-schema-graph\">{\"@context\":\"https:\\\/\\\/schema.org\",\"@graph\":[{\"@type\":\"WebPage\",\"@id\":\"https:\\\/\\\/www.densityfrance.fr\\\/qui-sommes-nous\\\/\",\"url\":\"https:\\\/\\\/www.densityfrance.fr\\\/qui-sommes-nous\\\/\",\"name\":\"Qui sommes-nous ? - Density France\",\"isPartOf\":{\"@id\":\"https:\\\/\\\/www.densityfrance.fr\\\/#website\"},\"primaryImageOfPage\":{\"@id\":\"https:\\\/\\\/www.densityfrance.fr\\\/qui-sommes-nous\\\/#primaryimage\"},\"image\":{\"@id\":\"https:\\\/\\\/www.densityfrance.fr\\\/qui-sommes-nous\\\/#primaryimage\"},\"thumbnailUrl\":\"https:\\\/\\\/www.densityfrance.fr\\\/wp-content\\\/uploads\\\/2021\\\/02\\\/luxe-picto-bleu.png\",\"datePublished\":\"2021-03-02T14:19:41+00:00\",\"dateModified\":\"2024-10-21T12:40:32+00:00\",\"description\":\"D\u00e9couvrez Density France, sp\u00e9cialiste des solutions anti-intrusion pour professionnels et particuliers avec des g\u00e9n\u00e9rateurs de brouillard performants\",\"breadcrumb\":{\"@id\":\"https:\\\/\\\/www.densityfrance.fr\\\/qui-sommes-nous\\\/#breadcrumb\"},\"inLanguage\":\"es\",\"potentialAction\":[{\"@type\":\"ReadAction\",\"target\":[\"https:\\\/\\\/www.densityfrance.fr\\\/qui-sommes-nous\\\/\"]}]},{\"@type\":\"ImageObject\",\"inLanguage\":\"es\",\"@id\":\"https:\\\/\\\/www.densityfrance.fr\\\/qui-sommes-nous\\\/#primaryimage\",\"url\":\"https:\\\/\\\/www.densityfrance.fr\\\/wp-content\\\/uploads\\\/2021\\\/02\\\/luxe-picto-bleu.png\",\"contentUrl\":\"https:\\\/\\\/www.densityfrance.fr\\\/wp-content\\\/uploads\\\/2021\\\/02\\\/luxe-picto-bleu.png\",\"width\":130,\"height\":130},{\"@type\":\"BreadcrumbList\",\"@id\":\"https:\\\/\\\/www.densityfrance.fr\\\/qui-sommes-nous\\\/#breadcrumb\",\"itemListElement\":[{\"@type\":\"ListItem\",\"position\":1,\"name\":\"Accueil\",\"item\":\"https:\\\/\\\/www.densityfrance.fr\\\/\"},{\"@type\":\"ListItem\",\"position\":2,\"name\":\"Qui sommes-nous ?\"}]},{\"@type\":\"WebSite\",\"@id\":\"https:\\\/\\\/www.densityfrance.fr\\\/#website\",\"url\":\"https:\\\/\\\/www.densityfrance.fr\\\/\",\"name\":\"Density France\",\"description\":\"G\u00e9n\u00e9rateurs de brouillard anti-intrusion\",\"publisher\":{\"@id\":\"https:\\\/\\\/www.densityfrance.fr\\\/#organization\"},\"potentialAction\":[{\"@type\":\"SearchAction\",\"target\":{\"@type\":\"EntryPoint\",\"urlTemplate\":\"https:\\\/\\\/www.densityfrance.fr\\\/?s={search_term_string}\"},\"query-input\":{\"@type\":\"PropertyValueSpecification\",\"valueRequired\":true,\"valueName\":\"search_term_string\"}}],\"inLanguage\":\"es\"},{\"@type\":\"Organization\",\"@id\":\"https:\\\/\\\/www.densityfrance.fr\\\/#organization\",\"name\":\"Density\",\"url\":\"https:\\\/\\\/www.densityfrance.fr\\\/\",\"logo\":{\"@type\":\"ImageObject\",\"inLanguage\":\"es\",\"@id\":\"https:\\\/\\\/www.densityfrance.fr\\\/#\\\/schema\\\/logo\\\/image\\\/\",\"url\":\"https:\\\/\\\/www.densityfrance.fr\\\/wp-content\\\/uploads\\\/2021\\\/07\\\/Density-logo-couleur-transp-M.png\",\"contentUrl\":\"https:\\\/\\\/www.densityfrance.fr\\\/wp-content\\\/uploads\\\/2021\\\/07\\\/Density-logo-couleur-transp-M.png\",\"width\":404,\"height\":89,\"caption\":\"Density\"},\"image\":{\"@id\":\"https:\\\/\\\/www.densityfrance.fr\\\/#\\\/schema\\\/logo\\\/image\\\/\"}}]}<\/script>\n<!-- \/ Yoast SEO plugin. -->","yoast_head_json":{"title":"Acerca de Density - Densidad Francia","description":"Descubra Density France, especialista en soluciones anti-intrusi\u00f3n para profesionales y particulares con generadores de niebla de alto rendimiento.","robots":{"index":"index","follow":"follow","max-snippet":"max-snippet:-1","max-image-preview":"max-image-preview:large","max-video-preview":"max-video-preview:-1"},"canonical":"https:\/\/www.densityfrance.fr\/es\/quienes-somos\/","og_locale":"es_ES","og_type":"article","og_title":"Qui sommes-nous ? - Density France","og_description":"D\u00e9couvrez Density France, sp\u00e9cialiste des solutions anti-intrusion pour professionnels et particuliers avec des g\u00e9n\u00e9rateurs de brouillard performants","og_url":"https:\/\/www.densityfrance.fr\/es\/quienes-somos\/","og_site_name":"Density France","article_modified_time":"2024-10-21T12:40:32+00:00","og_image":[{"width":130,"height":130,"url":"https:\/\/www.densityfrance.fr\/wp-content\/uploads\/2021\/02\/luxe-picto-bleu.png","type":"image\/png"}],"twitter_card":"summary_large_image","twitter_misc":{"Tiempo de lectura":"5 minutos"},"schema":{"@context":"https:\/\/schema.org","@graph":[{"@type":"WebPage","@id":"https:\/\/www.densityfrance.fr\/qui-sommes-nous\/","url":"https:\/\/www.densityfrance.fr\/qui-sommes-nous\/","name":"Acerca de Density - Densidad Francia","isPartOf":{"@id":"https:\/\/www.densityfrance.fr\/#website"},"primaryImageOfPage":{"@id":"https:\/\/www.densityfrance.fr\/qui-sommes-nous\/#primaryimage"},"image":{"@id":"https:\/\/www.densityfrance.fr\/qui-sommes-nous\/#primaryimage"},"thumbnailUrl":"https:\/\/www.densityfrance.fr\/wp-content\/uploads\/2021\/02\/luxe-picto-bleu.png","datePublished":"2021-03-02T14:19:41+00:00","dateModified":"2024-10-21T12:40:32+00:00","description":"Descubra Density France, especialista en soluciones anti-intrusi\u00f3n para profesionales y particulares con generadores de niebla de alto rendimiento.","breadcrumb":{"@id":"https:\/\/www.densityfrance.fr\/qui-sommes-nous\/#breadcrumb"},"inLanguage":"es","potentialAction":[{"@type":"ReadAction","target":["https:\/\/www.densityfrance.fr\/qui-sommes-nous\/"]}]},{"@type":"ImageObject","inLanguage":"es","@id":"https:\/\/www.densityfrance.fr\/qui-sommes-nous\/#primaryimage","url":"https:\/\/www.densityfrance.fr\/wp-content\/uploads\/2021\/02\/luxe-picto-bleu.png","contentUrl":"https:\/\/www.densityfrance.fr\/wp-content\/uploads\/2021\/02\/luxe-picto-bleu.png","width":130,"height":130},{"@type":"BreadcrumbList","@id":"https:\/\/www.densityfrance.fr\/qui-sommes-nous\/#breadcrumb","itemListElement":[{"@type":"ListItem","position":1,"name":"Accueil","item":"https:\/\/www.densityfrance.fr\/"},{"@type":"ListItem","position":2,"name":"Qui sommes-nous ?"}]},{"@type":"WebSite","@id":"https:\/\/www.densityfrance.fr\/#website","url":"https:\/\/www.densityfrance.fr\/","name":"Densidad Francia","description":"Generadores de niebla anti-intrusi\u00f3n","publisher":{"@id":"https:\/\/www.densityfrance.fr\/#organization"},"potentialAction":[{"@type":"SearchAction","target":{"@type":"EntryPoint","urlTemplate":"https:\/\/www.densityfrance.fr\/?s={search_term_string}"},"query-input":{"@type":"PropertyValueSpecification","valueRequired":true,"valueName":"search_term_string"}}],"inLanguage":"es"},{"@type":"Organization","@id":"https:\/\/www.densityfrance.fr\/#organization","name":"Densidad","url":"https:\/\/www.densityfrance.fr\/","logo":{"@type":"ImageObject","inLanguage":"es","@id":"https:\/\/www.densityfrance.fr\/#\/schema\/logo\/image\/","url":"https:\/\/www.densityfrance.fr\/wp-content\/uploads\/2021\/07\/Density-logo-couleur-transp-M.png","contentUrl":"https:\/\/www.densityfrance.fr\/wp-content\/uploads\/2021\/07\/Density-logo-couleur-transp-M.png","width":404,"height":89,"caption":"Density"},"image":{"@id":"https:\/\/www.densityfrance.fr\/#\/schema\/logo\/image\/"}}]}},"_links":{"self":[{"href":"https:\/\/www.densityfrance.fr\/es\/wp-json\/wp\/v2\/pages\/5090","targetHints":{"allow":["GET"]}}],"collection":[{"href":"https:\/\/www.densityfrance.fr\/es\/wp-json\/wp\/v2\/pages"}],"about":[{"href":"https:\/\/www.densityfrance.fr\/es\/wp-json\/wp\/v2\/types\/page"}],"author":[{"embeddable":true,"href":"https:\/\/www.densityfrance.fr\/es\/wp-json\/wp\/v2\/users\/1"}],"replies":[{"embeddable":true,"href":"https:\/\/www.densityfrance.fr\/es\/wp-json\/wp\/v2\/comments?post=5090"}],"version-history":[{"count":62,"href":"https:\/\/www.densityfrance.fr\/es\/wp-json\/wp\/v2\/pages\/5090\/revisions"}],"predecessor-version":[{"id":11260,"href":"https:\/\/www.densityfrance.fr\/es\/wp-json\/wp\/v2\/pages\/5090\/revisions\/11260"}],"wp:featuredmedia":[{"embeddable":true,"href":"https:\/\/www.densityfrance.fr\/es\/wp-json\/wp\/v2\/media\/4297"}],"wp:attachment":[{"href":"https:\/\/www.densityfrance.fr\/es\/wp-json\/wp\/v2\/media?parent=5090"}],"curies":[{"name":"wp","href":"https:\/\/api.w.org\/{rel}","templated":true}]}}